{"id":15,"date":"2019-01-08T23:26:36","date_gmt":"2019-01-08T22:26:36","guid":{"rendered":"http:\/\/artfarm-test.farlek.pl\/?page_id=15"},"modified":"2022-03-03T21:31:34","modified_gmt":"2022-03-03T20:31:34","slug":"strona-glowna","status":"publish","type":"page","link":"http:\/\/aptekaartfarm.pl\/","title":{"rendered":"Strona g\u0142\u00f3wna"},"content":{"rendered":"<div class=\"w-100 position-fixed nav-container\" style=\"top: 0px; padding-right: 0px; padding-left: 0px; position: fixed;\">\r\n<div class=\"container\">\r\n<div class=\"row\">\r\n<div class=\"col-12\"><nav class=\"navbar navbar-expand-lg navbar-light  py-2\"><button class=\"navbar-toggler\" aria-expanded=\"false\" aria-controls=\"navbarTogglerDemo03\" aria-label=\"Toggle navigation\" type=\"button\" data-target=\"#navigation\" data-toggle=\"collapse\"> <span class=\"navbar-toggler-icon\"><\/span> <\/button> <a class=\"navbar-brand\" href=\"#\"><img decoding=\"async\" src=\"http:\/\/kiton.vot.pl\/artfarm\/logo.png\" \/><\/a>\r\n<div class=\"collapse navbar-collapse \" id=\"navigation\">\r\n<ul class=\"navbar-nav ml-auto mt-2 mt-lg-0 \">\r\n<li class=\"nav-item\"><a class=\"nav-link\" href=\"#about\">O nas<\/a><\/li>\r\n<li class=\"nav-item\"><a class=\"nav-link\" href=\"#team\">Nasz zesp&oacute;\u0142<\/a><\/li>\r\n<li class=\"nav-item\"><a class=\"nav-link\" href=\"#values\">Nasze warto\u015bci<\/a><\/li>\r\n<li class=\"nav-item\"><a class=\"nav-link\" href=\"#job\">Praca<\/a><\/li>\r\n<li class=\"nav-item\"><a class=\"nav-link\" href=\"#list\">Lista aptek<\/a><\/li>\r\n<li class=\"nav-item\"><a class=\"nav-link\" href=\"#contact\">Kontakt<\/a><\/li>\r\n<\/ul>\r\n<\/div>\r\n<\/nav><\/div>\r\n<\/div>\r\n<\/div>\r\n<\/div>\r\n<div class=\"main-container\">\r\n<div class=\"container  w-100 h-100\" style=\"padding-right: 0px; padding-left: 0px;\">\r\n<div class=\"row h-100\">\r\n<div class=\"col-md-6 d-flex justify-content-center align-items-end h-100\" style=\"padding-bottom: 50px;\">\r\n<div class=\"intro-subheader wow fadeIn animated animated\" style=\"visibility: hidden; animation-name: none;\">Rodzinna Sie\u0107 Aptek<\/div>\r\n<\/div>\r\n<\/div>\r\n<\/div>\r\n<\/div>\r\n<div id=\"about\" style=\"position: relative;\"><\/div>\r\n<!-- anchor-->\r\n<div class=\" white \">\r\n<div class=\"container\">\r\n<div class=\"row \">\r\n<div class=\"col-md-6 offset-md-3 d-flex justify-content-center align-items-center text-center\">\r\n<div>\r\n<p class=\"h0 wow fadeIn animated\" style=\"visibility: hidden; animation-name: none;\">w kilku s\u0142owach o nas<\/p>\r\n<h1 class=\"wow fadeIn animated animated animated\" style=\"visibility: visible;\">Poznaj nasz\u0105 sie\u0107<\/h1>\r\n<p class=\"wow fadeIn animated animated animated\" style=\"visibility: visible;\">Pierwsza Apteka Artfarm powsta\u0142a w 2001 roku w <b>Tarnowie<\/b>. Obecnie to pr\u0119\u017cnie dzia\u0142aj\u0105ca sie\u0107 nowoczesnych aptek.<\/p>\r\n<p class=\"wow fadeIn animated animated animated\" style=\"visibility: visible;\">O zdrowie i komfort naszych pacjent&oacute;w dbamy w kilkunastu lokalizacjach: Tarn&oacute;w i okolice, jak r&oacute;wnie\u017c w innych miastach poza wojew&oacute;dztwem ma\u0142opolskim &ndash; K\u0142obuck, Lesko, Lubliniec, Mielec, Ostr&oacute;w, Po\u0142aniec, Stasz&oacute;w, Tuszyma.<\/p>\r\n<\/div>\r\n<\/div>\r\n<\/div>\r\n<\/div>\r\n<\/div>\r\n<div id=\"team\" style=\"position: relative;\"><\/div>\r\n<!-- anchor-->\r\n<div class=\"container-fluid our-team-container \" style=\"background: #008fd4; color: white;\">\r\n<div class=\"row\">\r\n<div class=\"col-lg-6  d-flex justify-content-center align-items-center py-5 fixed-column\">\r\n<div class=\"text-center\">\r\n<h1 class=\"wow fadeIn animated animated animated\" style=\"visibility: visible;\">Nasz zesp&oacute;\u0142<\/h1>\r\n<h4 class=\"text-center mt-4 wow fadeIn animated animated animated\" style=\"visibility: visible;\">To oko\u0142o 70 pracownik&oacute;w fachowych magistr&oacute;w i technik&oacute;w farmacji. To oni s\u0105 wizyt&oacute;wk\u0105 naszej firmy, dbamy o dobr\u0105 atmosfer\u0119 w pracy i mo\u017cliwo\u015b\u0107 osobistego rozwoju.<\/h4>\r\n<h4 class=\"mt-4 wow fadeIn animated animated\" style=\"visibility: hidden; animation-name: none;\">Nasi pacjenci mog\u0105 liczy\u0107 na profesjonaln\u0105 obs\u0142ug\u0119 i opiek\u0119 farmaceutyczn\u0105. Dobro pacjenta&nbsp; jest naszym celem.<\/h4>\r\n<\/div>\r\n<\/div>\r\n<div class=\"col-lg-6  d-flex justify-content-center align-items-center fixed-column\" style=\"background-position: center; background-image: url('http:\/\/kiton.vot.pl\/artfarm\/stock-photo-smiling-attractive-young-female-pharmacist-promoting-a-product-in-a-blank-white-box-she-is-holding-237470752.jpg'); background-size: cover;\"><\/div>\r\n<\/div>\r\n<\/div>\r\n<div id=\"values\" style=\"; position: relative;\"><\/div>\r\n<!-- anchor-->\r\n<div class=\"container white\">\r\n<div class=\"row mb-5\">\r\n<div class=\"col-md-6 offset-md-3 d-flex justify-content-center align-items-center text-center\">\r\n<div>\r\n<p class=\"h0  wow fadeIn animated animated\" style=\"visibility: hidden; animation-name: none;\">To co nas definiuje<\/p>\r\n<h1 class=\"wow fadeIn animated\" style=\"visibility: hidden; animation-name: none;\">Nasze warto\u015bci<\/h1>\r\n<\/div>\r\n<\/div>\r\n<\/div>\r\n<div class=\"row \">\r\n<div class=\"col-md-4 d-flex justify-content-center align-items-top\">\r\n<div class=\"values text-center\"><img decoding=\"async\" class=\"img-fluid wow fadeIn animated\" style=\"visibility: hidden; animation-name: none;\" src=\"http:\/\/kiton.vot.pl\/artfarm\/ico1.svg\" \/>\r\n<h2 class=\"wow fadeIn animated\" style=\"visibility: hidden; animation-name: none;\">Profesjonalizm<\/h2>\r\n<p class=\"wow fadeIn animated\" style=\"visibility: hidden; animation-name: none;\">Troszczymy si\u0119 o to aby obs\u0142uga naszych pacjent&oacute;w by\u0142a profesjonalna i kompetentna. Mamy \u015bwiadomo\u015b\u0107 i\u017c od tego zale\u017cy zdrowie i zadowolenie naszych pacjent&oacute;w.<\/p>\r\n<\/div>\r\n<\/div>\r\n<div class=\"col-md-4 d-flex justify-content-center align-items-top mt-5 mt-md-0\">\r\n<div class=\"values text-center \"><img decoding=\"async\" class=\"img-fluid wow fadeIn animated\" style=\"visibility: hidden; animation-name: none;\" src=\"http:\/\/kiton.vot.pl\/artfarm\/ico2.svg\" \/>\r\n<h2 class=\"wow fadeIn animated\" style=\"visibility: hidden; animation-name: none;\">Autentyczno\u015b\u0107<\/h2>\r\n<p class=\"wow fadeIn animated\" style=\"visibility: hidden; animation-name: none;\">Nasi farmaceuci dbaj\u0105 o dobro pacjent&oacute;w, staraj\u0105 si\u0119 rozpozna\u0107 ich potrzeby tak, aby pom&oacute;c w rozwi\u0105zaniu problem&oacute;w zdrowotnych. Empatia jest sta\u0142ym elementem pracy naszego zespo\u0142u.<\/p>\r\n<\/div>\r\n<\/div>\r\n<div class=\"col-md-4 d-flex justify-content-center align-items-top mt-5 mt-md-0\">\r\n<div class=\"values text-center\"><img decoding=\"async\" class=\"img-fluid wow fadeIn animated\" style=\"visibility: hidden; animation-name: none;\" src=\"http:\/\/kiton.vot.pl\/artfarm\/ico3.svg\" \/>\r\n<h2 class=\"wow fadeIn animated\" style=\"visibility: hidden; animation-name: none;\">Uczciwo\u015b\u0107<\/h2>\r\n<p class=\"wow fadeIn animated\" style=\"visibility: hidden; animation-name: none;\">Traktujemy naszych pacjent&oacute;w, pracownik&oacute;w i partner&oacute;w biznesowych z szacunkiem. Nasze kontakty s\u0105 uczciwe, klarowne i przejrzyste.<\/p>\r\n<\/div>\r\n<\/div>\r\n<\/div>\r\n<\/div>\r\n<div id=\"job\" style=\"position: relative;\"><\/div>\r\n<!-- anchor-->\r\n<div class=\"container-fluid job-container \">\r\n<div class=\"row\">\r\n<div class=\"col-md-6  d-flex justify-content-center align-items-center fixed-column2\" style=\"background-position: center; background-image: url('http:\/\/kiton.vot.pl\/artfarm\/stock-photo-pharmacist-and-client-at-pharmacy-418745086.jpg'); background-size: cover;\"><\/div>\r\n<div class=\"col-md-6  d-flex justify-content-center align-items-center py-5 fixed-column2\">\r\n<div class=\"text-center\">\r\n<h1 class=\"wow fadeIn animated animated\" style=\"visibility: hidden; animation-name: none;\">Praca<\/h1>\r\n<h4 class=\"text-center mt-4 wow fadeIn animated animated\" style=\"visibility: hidden; animation-name: none;\">Osoby zainteresowne prac\u0105 w naszej firmie prosimy o przes\u0142anie CV na adres: <a href=\"mailto:rekrutacja@artfarm.pl\">rekrutacja@artfarm.pl<\/a><\/h4>\r\n<\/div>\r\n<\/div>\r\n<\/div>\r\n<\/div>\r\n<div id=\"list\" style=\"position: relative;\"><\/div>\r\n<div class=\"container-fluid grey-container w-100 \" style=\"padding-left: 0px; padding-right: 0px;\">\r\n<div class=\"container adress-list\">\r\n<div class=\"row \">\r\n<div class=\"col-md-12 d-flex justify-content-center align-items-center text-center\" style=\"margin-bottom: 50px;\">\r\n<div>\r\n<p class=\"h0 wow fadeIn\" style=\"visibility: hidden; animation-name: none;\">Odwied\u017a nas<\/p>\r\n<h1 class=\"wow fadeIn\" style=\"visibility: hidden; animation-name: none;\">Lista aptek<\/h1>\r\n<\/div>\r\n<\/div>\r\n<\/div>\r\n<div class=\"row\"><!-- apteka start -->\r\n<div class=\"col-12 col-sm-6 col-md-6 col-lg-4 col-xl-3 adres mt-4 text-center text-xl-left\"><a href=\"https:\/\/www.google.com\/maps\/place\/Wielu%C5%84ska+31,+42-100+K%C5%82obuck\/@50.9040364,18.9258362,17z\/data=!3m1!4b1!4m5!3m4!1s0x4710bbe4f2d1c4cf:0xb3f4483bb78c14d!8m2!3d50.904033!4d18.9280249\" class=\"location\" target=\"_blank\" rel=\"noopener\"> <\/a>\r\n<h1><a href=\"https:\/\/www.google.com\/maps\/place\/Wielu%C5%84ska+31,+42-100+K%C5%82obuck\/@50.9040364,18.9258362,17z\/data=!3m1!4b1!4m5!3m4!1s0x4710bbe4f2d1c4cf:0xb3f4483bb78c14d!8m2!3d50.904033!4d18.9280249\" class=\"location\" target=\"_blank\" rel=\"noopener\"><i class=\"fas fa-map-marker-alt\"><\/i> K\u0142obuck <\/a><\/h1>\r\n<h5>Apteka Artfarm<\/h5>\r\n<p class=\"address\">ul. Wielu\u0144ska 31B, 42-100<\/p>\r\n<p class=\"opening\">pon-pi\u0105tek: <span>8.00-20.00<\/span><\/p>\r\n<p class=\"opening\">sobota: <span>8.00-18.00<\/span><\/p>\r\n<p class=\"opening\">niedziela: <span>10.00-18.00<\/span><\/p>\r\n<a href=\"mailto:klobuck@artfarm.pl\"><i class=\"fas fa-envelope\"><\/i> klobuck@artfarm.pl<\/a> <a href=\"tel:+48323648043\"><i class=\"fas fa-mobile-alt\"><\/i> 323648043<\/a><\/div>\r\n<!-- apteka end --> <!-- apteka start -->\r\n<div class=\"col-12 col-sm-6 col-md-6 col-lg-4 col-xl-3 adres mt-4 text-center text-xl-left\"><a href=\"https:\/\/www.google.com\/maps\/place\/Stawowa+22,+38-600+Lesko\/@49.4847578,22.3282089,17z\/data=!3m1!4b1!4m5!3m4!1s0x473c0b303f67b58b:0xfc56227cebc40fa9!8m2!3d49.4847543!4d22.3303976\" class=\"location\" target=\"_blank\" rel=\"noopener\"> <span class=\"apteka\"><i class=\"fas fa-map-marker-alt\"><\/i> Lesko<\/span> <\/a>\r\n<h5>Apteka Artfarm<\/h5>\r\n<p class=\"address\">ul. Stawowa 22, 38-600<\/p>\r\n<p class=\"opening\">pon-pi\u0105tek: <span>8.00-19.00<\/span><\/p>\r\n<p class=\"opening\">sobota: <span>8.00-15.00<\/span><\/p>\r\n<p class=\"opening\">niedziela: <span>zamkni\u0119te<\/span><\/p>\r\n<a href=\"mailto:lesko@artfarm.pl\"><i class=\"fas fa-envelope\"><\/i> lesko@artfarm.pl<\/a> <a href=\"tel:+48134927255\"><i class=\"fas fa-mobile-alt\"><\/i> 134927255<\/a><\/div>\r\n<!-- apteka end --> <!-- apteka start -->\r\n<div class=\"col-12 col-sm-6 col-md-6 col-lg-4 col-xl-3 adres mt-4 text-center text-xl-left\"><a href=\"https:\/\/www.google.com\/maps\/place\/Oleska+20,+42-700+Lubliniec\/@50.6790024,18.6760323,17z\/data=!3m1!4b1!4m5!3m4!1s0x4710dd2c96293413:0xc14099fe9b4d9a54!8m2!3d50.678999!4d18.678221\" class=\"location\" target=\"_blank\" rel=\"noopener\"> <span class=\"apteka\"><i class=\"fas fa-map-marker-alt\"><\/i> Lubliniec<\/span> <\/a>\r\n<h5>Apteka Artfarm<\/h5>\r\n<p class=\"address\">ul. Oleska 20E, 42-700<\/p>\r\n<p class=\"opening\">pon-pi\u0105tek: <span>8.00-20.00<\/span><\/p>\r\n<p class=\"opening\">sobota: <span>8.00-20.00<\/span><\/p>\r\n<p class=\"opening\">niedziela: <span>10.00-20.00<\/span><\/p>\r\n<a href=\"mailto:lubliniec@artfarm.pl\"><i class=\"fas fa-envelope\"><\/i> lubliniec@artfarm.pl<\/a> <a href=\"tel:+48343743772\"><i class=\"fas fa-mobile-alt\"><\/i> 343743772<\/a><\/div>\r\n<!-- apteka end --> <!-- apteka start -->\r\n<div class=\"col-12 col-sm-6 col-md-6 col-lg-4 col-xl-3 adres mt-4 text-center text-xl-left\"><a href=\"https:\/\/www.google.com\/maps\/place\/Piaskowa+2,+39-300+Mielec\/@50.2861221,21.433954,17z\/data=!3m1!4b1!4m5!3m4!1s0x473d6b69ae359515:0x53c935fba53a8fdd!8m2!3d50.2861187!4d21.4361427\" class=\"location\" target=\"_blank\" rel=\"noopener\"> <span class=\"apteka\"><i class=\"fas fa-map-marker-alt\"><\/i> Mielec<\/span> <\/a>\r\n<h5>Apteka Prolek<\/h5>\r\n<p class=\"address\">ul. Piaskowa 2, 39-300<\/p>\r\n<p class=\"opening\">pon-pi\u0105tek: <span>8.00-20.00<\/span><\/p>\r\n<p class=\"opening\">sobota: <span>8.00-18.00<\/span><\/p>\r\n<p class=\"opening\">niedziela: <span>zamkni\u0119te<\/span><\/p>\r\n<a href=\"mailto:mielec.piaskowa@artfarm.pl\"><i class=\"fas fa-envelope\"><\/i> mielec.piaskowa@artfarm.pl<\/a> <a href=\"tel:+48175836235\"><i class=\"fas fa-mobile-alt\"><\/i> 175836235<\/a><\/div>\r\n<!-- apteka end --> <!-- apteka start -->\r\n<div class=\"col-12 col-sm-6 col-md-6 col-lg-4 col-xl-3 adres mt-4 text-center text-xl-left\"><a href=\"https:\/\/www.google.com\/maps\/place\/K%26K\/@50.0990654,21.5897184,17z\/data=!3m1!4b1!4m5!3m4!1s0x473d05884cc92005:0xe9b0c74ff0787157!8m2!3d50.099062!4d21.5919071\" class=\"location\" target=\"_blank\" rel=\"noopener\"> <span class=\"apteka\"><i class=\"fas fa-map-marker-alt\"><\/i> Ostr&oacute;w<\/span> <\/a>\r\n<h5>Apteka Artfarm<\/h5>\r\n<p class=\"address\">Ostr&oacute;w 224A, 39-103<\/p>\r\n<p class=\"opening\">pon-pi\u0105tek: <span>8.00-20.00<\/span><\/p>\r\n<p class=\"opening\">sobota: <span>8.00-17.00<\/span><\/p>\r\n<p class=\"opening\">niedziela: <span>zamkni\u0119te<\/span><\/p>\r\n<a href=\"mailto:ostrow@artfarm.pl\"><i class=\"fas fa-envelope\"><\/i> ostrow@artfarm.pl<\/a> <a href=\"tel:+48146960512\"><i class=\"fas fa-mobile-alt\"><\/i> 146960512<\/a><\/div>\r\n<!-- apteka end --> <!-- apteka start -->\r\n<div class=\"col-12 col-sm-6 col-md-6 col-lg-4 col-xl-3 adres mt-4 text-center text-xl-left\"><a href=\"https:\/\/www.google.com\/maps\/place\/Czarnieckiego+1,+28-230+Po%C5%82aniec\/@50.4296447,21.2725956,17z\/data=!3m1!4b1!4m5!3m4!1s0x473d5d1ebb325e0b:0xfd3b5ae37600b28f!8m2!3d50.4296413!4d21.2747843\" class=\"location\" target=\"_blank\" rel=\"noopener\"> <span class=\"apteka\"><i class=\"fas fa-map-marker-alt\"><\/i> Po\u0142aniec<\/span> <\/a>\r\n<h5>Apteka Ja\u015bminowa<\/h5>\r\n<p class=\"address\">ul. Czarnieckiego 1\/1, 28-230<\/p>\r\n<p class=\"opening\">pon-pi\u0105tek: <span>8.00-22.30<\/span><\/p>\r\n<p class=\"opening\">sobota: <span>8.00-20.00<\/span><\/p>\r\n<p class=\"opening\">niedziela: <span>11.00-20.00<\/span><\/p>\r\n<a href=\"mailto:jasminowa@artfarm.pl\"><i class=\"fas fa-envelope\"><\/i> jasminowa@artfarm.pl<\/a> <a href=\"tel:+48146960511\"><i class=\"fas fa-mobile-alt\"><\/i> 146960511<\/a><\/div>\r\n<!-- apteka end --> <!-- apteka start -->\r\n<div class=\"col-12 col-sm-6 col-md-6 col-lg-4 col-xl-3 adres mt-4 text-center text-xl-left\"><a href=\"https:\/\/www.google.com\/maps\/place\/Adama+Mickiewicza+62,+28-200+Stasz%C3%B3w\/@50.5578834,21.1871553,17z\/data=!3m1!4b1!4m5!3m4!1s0x473d583ff3c34663:0x7b229e21d803501e!8m2!3d50.55788!4d21.189344\" class=\"location\" target=\"_blank\" rel=\"noopener\"> <span class=\"apteka\"><i class=\"fas fa-map-marker-alt\"><\/i> Stasz&oacute;w<\/span> <\/a>\r\n<h5>Apteka Prolek<\/h5>\r\n<p class=\"address\">ul. Mickiewicza 62, 28-200<\/p>\r\n<p class=\"opening\">pon-pi\u0105tek: <span>8.00-20.00<\/span><\/p>\r\n<p class=\"opening\">sobota: <span>8.00-20.00<\/span><\/p>\r\n<p class=\"opening\">niedziela: <span>9.00-18.00<\/span><\/p>\r\n<a href=\"mailto:staszow@artfarm.pl\"><i class=\"fas fa-envelope\"><\/i> staszow@artfarm.pl<\/a> <a href=\"tel:+48146960518\"><i class=\"fas fa-mobile-alt\"><\/i> 146960518<\/a><\/div>\r\n<!-- apteka end --> <!-- apteka start -->\r\n<div class=\"col-12 col-sm-6 col-md-6 col-lg-4 col-xl-3 adres mt-4 text-center text-xl-left\"><a href=\"https:\/\/www.google.com\/maps\/place\/Krakowska+49,+28-200+Stasz%C3%B3w\/@50.5555541,21.1578716,17z\/data=!3m1!4b1!4m5!3m4!1s0x473d5876d0f327ad:0xbad52d0b3246246!8m2!3d50.5555507!4d21.1600603\" class=\"location\" target=\"_blank\" rel=\"noopener\"> <span class=\"apteka\"><i class=\"fas fa-map-marker-alt\"><\/i> Stasz&oacute;w<\/span> <\/a>\r\n<h5>Apteka Artfarm<\/h5>\r\n<p class=\"address\">ul. Krakowska 49, 28-200<\/p>\r\n<p class=\"opening\">pon-pi\u0105tek: <span>8.00-20.00<\/span><\/p>\r\n<p class=\"opening\">sobota: <span>8.00-20.00<\/span><\/p>\r\n<p class=\"opening\">niedziela: <span>9.00-18.00<\/span><\/p>\r\n<a href=\"mailto:staszow.krakowska@artfarm.pl\"><i class=\"fas fa-envelope\"><\/i> staszow.krakowska@artfarm.pl<\/a> <a href=\"tel:+48158612904\"><i class=\"fas fa-mobile-alt\"><\/i> 158612904<\/a><\/div>\r\n<!-- apteka end --> <!-- apteka start -->\r\n<div class=\"col-12 col-sm-6 col-md-6 col-lg-4 col-xl-3 adres mt-4 text-center text-xl-left\"><a href=\"https:\/\/www.google.com\/maps\/place\/Jasna+71,+33-100+Tarn%C3%B3w\/@50.020201,21.0039062,17z\/data=!3m1!4b1!4m5!3m4!1s0x473d9cae073c4293:0xc17c530236c76888!8m2!3d50.020201!4d21.0060949\" class=\"location\" target=\"_blank\" rel=\"noopener\"> <span class=\"apteka\"><i class=\"fas fa-map-marker-alt\"><\/i> Tarn&oacute;w<\/span> <\/a>\r\n<h5>Apteka Jasna<\/h5>\r\n<p class=\"address\">ul. Jasna 71, 33-100<\/p>\r\n<p class=\"opening\">pon-pi\u0105tek: <span>7.30- 20.00<\/span><\/p>\r\n<p class=\"opening\">sobota: <span>8.00-15.00<\/span><\/p>\r\n<p class=\"opening\">niedziela: <span>zamkni\u0119te<\/span><\/p>\r\n<a href=\"mailto:jasna@artfarm.pl\"><i class=\"fas fa-envelope\"><\/i> jasna@artfarm.pl<\/a> <a href=\"tel:+48146960506\"><i class=\"fas fa-mobile-alt\"><\/i> 146960506<\/a><\/div>\r\n<!-- apteka end --> <!-- apteka start -->\r\n<div class=\"col-12 col-sm-6 col-md-6 col-lg-4 col-xl-3 adres mt-4 text-center text-xl-left\"><a href=\"https:\/\/www.google.com\/maps\/place\/Szpitalna+26,+42-600+Tarn%C3%B3w\/@50.0165593,20.9914532,17z\/data=!3m1!4b1!4m5!3m4!1s0x473d8354bbc71fbd:0xc0373a72969567e7!8m2!3d50.0165559!4d20.9936419\" class=\"location\" target=\"_blank\" rel=\"noopener\"> <span class=\"apteka\"><i class=\"fas fa-map-marker-alt\"><\/i> Tarn&oacute;w<\/span> <\/a>\r\n<h5>Apteka Pomara\u0144czowa<\/h5>\r\n<p class=\"address\">ul. Szpitalna 26, 33-100<\/p>\r\n<p class=\"opening\">pon-pi\u0105tek: <span>7.30-19.30<\/span><\/p>\r\n<p class=\"opening\">sobota: <span>8.00-15.00<\/span><\/p>\r\n<p class=\"opening\">niedziela: <span>zamkni\u0119te<\/span><\/p>\r\n<a href=\"mailto:pomaranczowa@artfarm.pl\"><i class=\"fas fa-envelope\"><\/i> pomaranczowa@artfarm.pl<\/a> <a href=\"tel:+48146960507\"><i class=\"fas fa-mobile-alt\"><\/i> 146960507<\/a><\/div>\r\n<!-- apteka end --> <!-- apteka start -->\r\n<div class=\"col-12 col-sm-6 col-md-6 col-lg-4 col-xl-3 adres mt-4 text-center text-xl-left\"><a href=\"https:\/\/www.google.com\/maps\/place\/Klikowska+2,+42-600+Tarn%C3%B3w\/@50.0154154,20.9760204,17z\/data=!3m1!4b1!4m5!3m4!1s0x473d8357fbf5d9e3:0x7a85c2d1ee200c14!8m2!3d50.015412!4d20.9782091\" class=\"location\" target=\"_blank\" rel=\"noopener\"> <span class=\"apteka\"><i class=\"fas fa-map-marker-alt\"><\/i> Tarn&oacute;w<\/span> <\/a>\r\n<h5>Apteka Zielona<\/h5>\r\n<p class=\"address\">ul. Klikowska 2, 33-100<\/p>\r\n<p class=\"opening\">pon-pi\u0105tek: <span>8.00-20.00<\/span><\/p>\r\n<p class=\"opening\">sobota: <span>8.00-18.00<\/span><\/p>\r\n<p class=\"opening\">niedziela: <span>9.00-15.00<\/span><\/p>\r\n<a href=\"mailto:zielona@artfarm.pl\"><i class=\"fas fa-envelope\"><\/i> zielona@artfarm.pl<\/a> <a href=\"tel:+48146960510\"><i class=\"fas fa-mobile-alt\"><\/i> 146960510<\/a><\/div>\r\n<!-- apteka end --> <!-- apteka start -->\r\n<div class=\"col-12 col-sm-6 col-md-6 col-lg-4 col-xl-3 adres mt-4 text-center text-xl-left\"><a href=\"https:\/\/www.google.com\/maps\/place\/Adama+Mickiewicza+48,+33-170+Tuch%C3%B3w\/@49.8897172,21.0509191,17z\/data=!3m1!4b1!4m5!3m4!1s0x473d973ec77e96bb:0xaa0e126537bc3e68!8m2!3d49.8897138!4d21.0531078\" class=\"location\" target=\"_blank\" rel=\"noopener\"> <span class=\"apteka\"><i class=\"fas fa-map-marker-alt\"><\/i> Tuch&oacute;w<\/span> <\/a>\r\n<h5>Apteka Prolek<\/h5>\r\n<p class=\"address\">ul. Mickiewicza 48, 33-170<\/p>\r\n<p class=\"opening\">pon-pi\u0105tek: <span>8.00-20.00<\/span><\/p>\r\n<p class=\"opening\">sobota: <span>8.00-20.00<\/span><\/p>\r\n<p class=\"opening\">niedziela: <span>9.00-14.00<\/span><\/p>\r\n<a href=\"mailto:tuchow@artfarm.pl\"><i class=\"fas fa-envelope\"><\/i> tuchow@artfarm.pl<\/a> <a href=\"tel:+48146960519\"><i class=\"fas fa-mobile-alt\"><\/i> 146960519<\/a><\/div>\r\n<!-- apteka end --> <!-- apteka start -->\r\n<div class=\"col-12 col-sm-6 col-md-6 col-lg-4 col-xl-3 adres mt-4 text-center text-xl-left\"><a href=\"https:\/\/www.google.com\/maps\/place\/Tuszyma+138,+39-321+Tuszyma\/@50.1852682,21.4988207,17z\/data=!3m1!4b1!4m5!3m4!1s0x473d1211f306ac99:0xe0c0400bea4a5885!8m2!3d50.1852648!4d21.5010094\" class=\"location\" target=\"_blank\" rel=\"noopener\"> <span class=\"apteka\"><i class=\"fas fa-map-marker-alt\"><\/i> Tuszyma<\/span> <\/a>\r\n<h5>Punkt Apteczny Artfarm<\/h5>\r\n<p class=\"address\">Tuszyma 138 a, 39-321<\/p>\r\n<p class=\"opening\">pon-pi\u0105tek: <span>8.00-20.00<\/span><\/p>\r\n<p class=\"opening\">sobota: <span>8.00-17.00<\/span><\/p>\r\n<p class=\"opening\">niedziela: <span>zamkni\u0119te<\/span><\/p>\r\n<a href=\"mailto:tuszyma@artfarm.pl\"><i class=\"fas fa-envelope\"><\/i> tuszyma@artfarm.pl<\/a> <a href=\"tel:+48146960509\"><i class=\"fas fa-mobile-alt\"><\/i> 146960509<\/a><\/div>\r\n<!-- apteka end --> <!-- apteka start -->\r\n<div class=\"col-12 col-sm-6 col-md-6 col-lg-4 col-xl-3 adres mt-4 text-center text-xl-left\"><a href=\"https:\/\/www.google.com\/maps\/place\/Malczewskiego+29,+32-840+Zakliczyn\/@49.8563123,20.8108503,17z\/data=!3m1!4b1!4m5!3m4!1s0x473d8dcbd43d5ad9:0xcaedd9b9df3225e1!8m2!3d49.8563089!4d20.813039\" class=\"location\" target=\"_blank\" rel=\"noopener\"> <span class=\"apteka\"><i class=\"fas fa-map-marker-alt\"><\/i> Zakliczyn<\/span> <\/a>\r\n<h5>Apteka Artfarm<\/h5>\r\n<p class=\"address\">ul. Malczewskiego 29, 32-840<\/p>\r\n<p class=\"opening\">pon-pi\u0105tek: <span>8.00-20.00<\/span><\/p>\r\n<p class=\"opening\">sobota: <span>8.00-15.00<\/span><\/p>\r\n<p class=\"opening\">niedziela: <span>10.00-13.00<\/span><\/p>\r\n<a href=\"mailto:zakliczyn@artfarm.pl\"><i class=\"fas fa-envelope\"><\/i> zakliczyn@artfarm.pl<\/a> <a href=\"tel:+48146652167\"><i class=\"fas fa-mobile-alt\"><\/i> 146652167<\/a><\/div>\r\n<!-- apteka end --> <!-- apteka start -->\r\n<div class=\"col-12 col-sm-6 col-md-6 col-lg-4 col-xl-3 adres mt-4 text-center text-xl-left\"><a href=\"https:\/\/www.google.com\/maps\/place\/S%C5%82owackiego+1,+32-640+Zator\/@49.9960014,19.4296333,17z\/data=!3m1!4b1!4m5!3m4!1s0x47168d7f578b82c5:0x1ad13a64829ba6c1!8m2!3d49.995998!4d19.431822\" class=\"location\" target=\"_blank\" rel=\"noopener\"> <span class=\"apteka\"><i class=\"fas fa-map-marker-alt\"><\/i> Zator<\/span> <\/a>\r\n<h5>Apteka Artfarm<\/h5>\r\n<p class=\"address\">ul. S\u0142owackiego 1, 32-640<\/p>\r\n<p class=\"opening\">pon-pi\u0105tek: <span>8.00-20.00<\/span><\/p>\r\n<p class=\"opening\">sobota: <span>8.00-20.00<\/span><\/p>\r\n<p class=\"opening\">niedziela: <span>9.00-15.00<\/span><\/p>\r\n<a href=\"mailto:zator@artfarm.pl\"><i class=\"fas fa-envelope\"><\/i> zator@artfarm.pl<\/a> <a href=\"tel:+48334322742\"><i class=\"fas fa-mobile-alt\"><\/i> 334322742<\/a><\/div>\r\n<!-- apteka end --><\/div>\r\n<\/div>\r\n<\/div>\r\n<!-- mapka lokacje start-->\r\n<div class=\"container-fluid\">\r\n<div class=\"row\">\r\n<div class=\"col-12 p-0\" style=\"height: 500px; overflow: hidden; display: inline-block;\"><iframe loading=\"lazy\" width=\"100%\" height=\"210%\" src=\"https:\/\/www.google.com\/maps\/d\/u\/0\/embed?mid=1BnWyQhskopc0xZLTlK9F1etz6Y5GZltO\" style=\"border: currentColor; top: -50px; position: relative;\"><\/iframe><\/div>\r\n<\/div>\r\n<\/div>\r\n<div id=\"contact\" style=\"position: relative;\"><\/div>\r\n<div class=\"container-fluid contact-container\" style=\"padding-right: 0px; padding-left: 0px;\">\r\n<div class=\"container\">\r\n<div class=\"row\">\r\n<div class=\"col-md-12  d-flex justify-content-center align-items-center \">\r\n<div class=\"text-center\">\r\n<h1>Kontakt<\/h1>\r\n<p><i class=\"fas fa-map-marker-alt\"><\/i> Biuro, ul. Do Prochowni 12 B, 33-100 Tarn&oacute;w<\/p>\r\n<p><i class=\"fas fa-mobile-alt\"><\/i> <a href=\"tel:+48146960508\">14 696 05 08<\/a><\/p>\r\n<i class=\"far fa-envelope\"><\/i> <a href=\"mailto:biuro@artfarm.pl\">biuro@artfarm.pl<\/a><\/div>\r\n<\/div>\r\n<\/div>\r\n<\/div>\r\n<\/div>\r\n<p><iframe loading=\"lazy\" width=\"100%\" height=\"500\" src=\"https:\/\/www.google.com\/maps\/embed?pb=!1m18!1m12!1m3!1d3048.6374850524226!2d21.00779439080176!3d50.019070733668144!2m3!1f0!2f0!3f0!3m2!1i1024!2i768!4f13.1!3m3!1m2!1s0x0%3A0x0!2zNTDCsDAxJzA5LjQiTiAyMcKwMDAnMzMuNiJF!5e0!3m2!1spl!2spl!4v1543531115309\" frameborder=\"0\" allowfullscreen=\"\" style=\"border: 0px currentColor;\"><\/iframe><\/p>","protected":false},"excerpt":{"rendered":"O nas Nasz zesp&oacute;\u0142 Nasze warto\u015bci Praca Lista aptek Kontakt Rodzinna Sie\u0107 Aptek w kilku s\u0142owach o nas Poznaj nasz\u0105 sie\u0107 Pierwsza Apteka Artfarm powsta\u0142a w 2001 roku w Tarnowie. Obecnie to pr\u0119\u017cnie dzia\u0142aj\u0105ca sie\u0107 nowoczesnych aptek. O zdrowie i komfort naszych pacjent&oacute;w dbamy w kilkunastu lokalizacjach: Tarn&oacute;w i okolice, jak r&oacute;wnie\u017c w innych miastach&#8230; <a class=\"view-article\" href=\"http:\/\/aptekaartfarm.pl\/\">View Article<\/a>","protected":false},"author":3,"featured_media":0,"parent":0,"menu_order":0,"comment_status":"closed","ping_status":"closed","template":"","meta":{"footnotes":""},"class_list":["post-15","page","type-page","status-publish","hentry"],"_links":{"self":[{"href":"http:\/\/aptekaartfarm.pl\/index.php\/wp-json\/wp\/v2\/pages\/15","targetHints":{"allow":["GET"]}}],"collection":[{"href":"http:\/\/aptekaartfarm.pl\/index.php\/wp-json\/wp\/v2\/pages"}],"about":[{"href":"http:\/\/aptekaartfarm.pl\/index.php\/wp-json\/wp\/v2\/types\/page"}],"author":[{"embeddable":true,"href":"http:\/\/aptekaartfarm.pl\/index.php\/wp-json\/wp\/v2\/users\/3"}],"replies":[{"embeddable":true,"href":"http:\/\/aptekaartfarm.pl\/index.php\/wp-json\/wp\/v2\/comments?post=15"}],"version-history":[{"count":38,"href":"http:\/\/aptekaartfarm.pl\/index.php\/wp-json\/wp\/v2\/pages\/15\/revisions"}],"predecessor-version":[{"id":66,"href":"http:\/\/aptekaartfarm.pl\/index.php\/wp-json\/wp\/v2\/pages\/15\/revisions\/66"}],"wp:attachment":[{"href":"http:\/\/aptekaartfarm.pl\/index.php\/wp-json\/wp\/v2\/media?parent=15"}],"curies":[{"name":"wp","href":"https:\/\/api.w.org\/{rel}","templated":true}]}}